{"id":2,"date":"2016-05-10T03:48:21","date_gmt":"2016-05-10T03:48:21","guid":{"rendered":"http:\/\/thomas-froeb.de\/?page_id=2"},"modified":"2023-02-26T08:30:12","modified_gmt":"2023-02-26T08:30:12","slug":"sample-page","status":"publish","type":"page","link":"http:\/\/thomas-froeb.de\/","title":{"rendered":"Vita 2019"},"content":{"rendered":"<p class=\"western\" lang=\"en-US\" align=\"justify\"><span lang=\"de-DE\">Der in Rostock geborene Tenor Thomas Fr\u00f6b studierte Gesang bei Prof. Monika Meier-Schmid am Institut f\u00fcr Musik der Otto-von-Guericke Universit\u00e4t Magdeburg und absolvierte sein Konzertexamen an der Martin-Luther-Universit\u00e4t Halle. Danach setzte er seine Studien bei Bettina Denner und Volkher H\u00e4usler fort. Sein Konzertrepertoire umfasst sowohl die Partien der gro\u00dfen barocken Werke, wie die Evangelisten- und Arienpartien der Bach&#8217;schen <\/span><span lang=\"de-DE\"><i>Johnnes<\/i><\/span><span lang=\"de-DE\">&#8211; und <\/span><span lang=\"de-DE\"><i>Matth\u00e4us-Passion<\/i><\/span><span lang=\"de-DE\">, des <\/span><span lang=\"de-DE\"><i>Weihnachtsoratoriums <\/i><\/span><span lang=\"de-DE\">und<\/span><i> <\/i><span lang=\"de-DE\">des <\/span><span lang=\"de-DE\"><i>Messiah <\/i><\/span><span lang=\"de-DE\">von H\u00e4ndel, als auch des romantischen Repertoire, wie jene aus dem <\/span><span lang=\"de-DE\"><i>Paulus, dem Elias<\/i><\/span><span lang=\"de-DE\"> und dem <\/span><span lang=\"de-DE\"><i>Lobgesang<\/i><\/span><span lang=\"de-DE\"> von Mendelssohn, sowie dem <\/span><span lang=\"de-DE\"><i>Oratorio de No<\/i><\/span><span style=\"font-family: Calibri, sans-serif;\"><span lang=\"de-DE\"><i>\u00eb<\/i><\/span><\/span><span lang=\"de-DE\"><i>l <\/i><\/span><span lang=\"de-DE\">von Saint-Sa<\/span><span style=\"font-family: Calibri, sans-serif;\"><span lang=\"de-DE\">\u00ebns<\/span><\/span><span lang=\"de-DE\">.<\/span><\/p>\n<p class=\"western\" lang=\"en-US\" align=\"justify\"><span lang=\"de-DE\">Neben seiner Konzertt\u00e4tigkeit \u00fcbernahm er in zahlreichen Produktionen &#8211; unter anderem am Theater Nordhausen und Eisenach &#8211; Partien unterschiedlichsten Charakters: <\/span><span lang=\"de-DE\"><i>Il Tempo<\/i><\/span><span lang=\"de-DE\"> (J. F. H\u00e4ndel: <\/span><span lang=\"de-DE\"><i>\u201eIl trionfo del Tempo e del Disinganno\u201c<\/i><\/span><span lang=\"de-DE\">),<\/span> <span lang=\"de-DE\"><i>Hermosa<\/i><\/span><span lang=\"de-DE\"> (J. Offenbach: <\/span><span lang=\"de-DE\"><i>\u201eDie Insel Tulipatan\u201d<\/i><\/span><span lang=\"de-DE\">), <\/span><span lang=\"de-DE\"><i>Cl\u00e9on<\/i><\/span><span lang=\"de-DE\"> (C. W. Gluck: <\/span><span lang=\"de-DE\"><i>\u201eDer bekehrte Trunkenbold\u201c<\/i><\/span><span lang=\"de-DE\">), <\/span><span lang=\"de-DE\"><i>Der Wahnsinnige<\/i><\/span><span lang=\"de-DE\"> (M. Leontjewa <\/span><span lang=\"de-DE\"><i>\u201eDas Kleine Welttheater\u201c<\/i><\/span><span lang=\"de-DE\">), <\/span><span lang=\"de-DE\"><i>Nachtw\u00e4chter Schwalbe<\/i><\/span><span lang=\"de-DE\"> (Herwarth Walden <\/span><span lang=\"de-DE\"><i>\u201eDer Nachtw\u00e4chter\u201c<\/i><\/span><span lang=\"de-DE\">), <\/span><span lang=\"de-DE\"><i>H\u00e4uptling Biberhahn<\/i><\/span><span lang=\"de-DE\"> (J. Offenbach <\/span><span lang=\"de-DE\"><i>\u201eDas greuliche Festmahl\u201c<\/i><\/span><span lang=\"de-DE\">), <\/span><span lang=\"de-DE\"><i>Onkel Gustav <\/i><\/span><span lang=\"de-DE\">(P. Burkhard <\/span><span lang=\"de-DE\"><i>\u201eDas Feuerwerk\u201c<\/i><\/span><span lang=\"de-DE\">),<\/span> <span lang=\"de-DE\"><i>Podest\u00e1<\/i><\/span><span lang=\"de-DE\"> (W. A. Mozart <\/span><span lang=\"de-DE\"><i>\u201eDie G\u00e4rtnerin aus Liebe\u201c<\/i><\/span><span lang=\"de-DE\">). <\/span><\/p>\n<p class=\"western\" align=\"justify\">Viele Jahre war er Bestandteil des Sch\u00f6nebecker Operettensommers, bei dem er sein komisches Talent in einer weiten Spanne von Charakteren zeigen konnte. Als langj\u00e4hriges Mitglied des Mendelssohn-Kammerchores Berlin trat er auch als Interpret verschiedenster Lieder der Mendelssohn-Familie in Erscheinung.<\/p>\n<p class=\"western\" lang=\"en-US\" align=\"justify\"><span lang=\"de-DE\">2012 sang er die Rolle des <\/span><span lang=\"de-DE\"><i>Ferrando<\/i><\/span><span lang=\"de-DE\"> in <\/span><span lang=\"de-DE\"><i>Cosi fan tutte <\/i><\/span><span lang=\"de-DE\">von W. A. Mozart bei einer Produktion des Institutes f\u00fcr Musik der Martin-Luther-Universit\u00e4t Halle<\/span><span lang=\"de-DE\">. 2014 \u00fcbernahm er in Bernburg bei \u201eOper in der Kirche\u201c die Partie des <\/span><span lang=\"de-DE\"><i>Hoffmann<\/i><\/span><span lang=\"de-DE\"> aus <\/span><span lang=\"de-DE\"><i>\u201eHoffmanns Erz\u00e4hlungen\u201c<\/i><\/span><span lang=\"de-DE\"> von Jacques Offenbach, sowie 2015 am gleichen Ort die Partie des <\/span><span lang=\"de-DE\"><i>Hans<\/i><\/span><span lang=\"de-DE\"> aus Bed\u0159ich Smetanas<\/span><span lang=\"de-DE\"><i> \u201eDie verkaufte Braut\u201c. <\/i><\/span><span lang=\"de-DE\">Im Januar 2016 gab er sein Debut des <\/span><span lang=\"de-DE\"><i>Belmonte<\/i><\/span><span lang=\"de-DE\"> aus der \u201eEntf\u00fchrung aus dem Serail\u201c von W. A. Mozart im Spiegelsaal in Berlin. Weiterhin standen in diesem Jahr noch die Rolle des <\/span><span lang=\"de-DE\"><i>Marquis von Chateauneuf<\/i><\/span><span lang=\"de-DE\"> in A. Lortzings \u201e<\/span><span lang=\"de-DE\"><i>Zar und Zimmermann\u201c<\/i><\/span><span lang=\"de-DE\"> und eine Neuauflage des <\/span><span lang=\"de-DE\"><i>Wahnsinnigen<\/i><\/span><span lang=\"de-DE\"> aus M. Lentjewas <\/span><span lang=\"de-DE\"><i>\u201eDas Kleine Welttheater\u201c<\/i><\/span><span lang=\"de-DE\"> auf dem Programm. 2017 debutiert er als <\/span><span lang=\"de-DE\"><i>Manrico<\/i><\/span><span lang=\"de-DE\"> in Verdi&#8217;s \u201eIl Trovatore\u201c.<\/span><\/p>\n<p class=\"western\" align=\"justify\">Er<span id=\"Rahmen1\" dir=\"ltr\"><\/span>&nbsp;besuchte Meisterkurse bei Michael Volle, Berthold Schmid, Joachim Beyer und Rachel Joselson.<\/p>\n\n\n<h2 class=\"wp-block-heading\">Kontakt<\/h2>\n\n\n\n<div class=\"wpcf7 no-js\" id=\"wpcf7-f19-o1\" lang=\"de-DE\" dir=\"ltr\">\n<div class=\"screen-reader-response\"><p role=\"status\" aria-live=\"polite\" aria-atomic=\"true\"><\/p> <ul><\/ul><\/div>\n<form action=\"\/index.php?rest_route=%2Fwp%2Fv2%2Fpages%2F2#wpcf7-f19-o1\" method=\"post\" class=\"wpcf7-form init\" aria-label=\"Kontaktformular\" novalidate=\"novalidate\" data-status=\"init\">\n<div style=\"display: none;\">\n<input type=\"hidden\" name=\"_wpcf7\" value=\"19\" \/>\n<input type=\"hidden\" name=\"_wpcf7_version\" value=\"5.8.5\" \/>\n<input type=\"hidden\" name=\"_wpcf7_locale\" value=\"de_DE\" \/>\n<input type=\"hidden\" name=\"_wpcf7_unit_tag\" value=\"wpcf7-f19-o1\" \/>\n<input type=\"hidden\" name=\"_wpcf7_container_post\" value=\"0\" \/>\n<input type=\"hidden\" name=\"_wpcf7_posted_data_hash\" value=\"\" \/>\n<\/div>\n<p><label> Ihr Name<br \/>\n<span class=\"wpcf7-form-control-wrap\" data-name=\"your-name\"><input size=\"40\" class=\"wpcf7-form-control wpcf7-text wpcf7-validates-as-required\" autocomplete=\"name\" aria-required=\"true\" aria-invalid=\"false\" value=\"\" type=\"text\" name=\"your-name\" \/><\/span> <\/label>\n<\/p>\n<p><label> Ihre E-Mail-Adresse<br \/>\n<span class=\"wpcf7-form-control-wrap\" data-name=\"your-email\"><input size=\"40\" class=\"wpcf7-form-control wpcf7-email wpcf7-validates-as-required wpcf7-text wpcf7-validates-as-email\" autocomplete=\"email\" aria-required=\"true\" aria-invalid=\"false\" value=\"\" type=\"email\" name=\"your-email\" \/><\/span> <\/label>\n<\/p>\n<p><label> Betreff<br \/>\n<span class=\"wpcf7-form-control-wrap\" data-name=\"your-subject\"><input size=\"40\" class=\"wpcf7-form-control wpcf7-text wpcf7-validates-as-required\" aria-required=\"true\" aria-invalid=\"false\" value=\"\" type=\"text\" name=\"your-subject\" \/><\/span> <\/label>\n<\/p>\n<p><label> Ihre Nachricht<br \/>\n<span class=\"wpcf7-form-control-wrap\" data-name=\"your-message\"><textarea cols=\"40\" rows=\"10\" class=\"wpcf7-form-control wpcf7-textarea\" aria-invalid=\"false\" name=\"your-message\"><\/textarea><\/span> <\/label>\n<\/p>\n<p><input class=\"wpcf7-form-control wpcf7-submit has-spinner\" type=\"submit\" value=\"Senden\" \/>\n<\/p>\n<p><span class=\"wpcf7-form-control-wrap\" data-name=\"acceptance-561\"><span class=\"wpcf7-form-control wpcf7-acceptance\"><span class=\"wpcf7-list-item\"><input type=\"checkbox\" name=\"acceptance-561\" value=\"1\" aria-invalid=\"false\" \/><\/span><\/span><\/span><a href=\"[link id=\u201923\u2032]\">Datenschutzbestimmungen<\/a> akzeptieren\n<\/p><div class=\"wpcf7-response-output\" aria-hidden=\"true\"><\/div>\n<\/form>\n<\/div>\n\n","protected":false},"excerpt":{"rendered":"<p>Der in Rostock geborene Tenor Thomas Fr\u00f6b studierte Gesang bei Prof. Monika Meier-Schmid am Institut f\u00fcr Musik der Otto-von-Guericke Universit\u00e4t Magdeburg und absolvierte sein Konzertexamen an der Martin-Luther-Universit\u00e4t Halle. Danach setzte er seine Studien bei Bettina Denner und Volkher H\u00e4usler fort. Sein Konzertrepertoire umfasst sowohl die Partien der gro\u00dfen barocken Werke, wie die Evangelisten- und &hellip; <\/p>\n<p class=\"link-more\"><a href=\"http:\/\/thomas-froeb.de\/\" class=\"more-link\"><span class=\"screen-reader-text\">\u201eVita 2019\u201c<\/span> weiterlesen<\/a><\/p>\n","protected":false},"author":1,"featured_media":0,"parent":0,"menu_order":0,"comment_status":"closed","ping_status":"open","template":"","meta":{"footnotes":""},"_links":{"self":[{"href":"http:\/\/thomas-froeb.de\/index.php?rest_route=\/wp\/v2\/pages\/2"}],"collection":[{"href":"http:\/\/thomas-froeb.de\/index.php?rest_route=\/wp\/v2\/pages"}],"about":[{"href":"http:\/\/thomas-froeb.de\/index.php?rest_route=\/wp\/v2\/types\/page"}],"author":[{"embeddable":true,"href":"http:\/\/thomas-froeb.de\/index.php?rest_route=\/wp\/v2\/users\/1"}],"replies":[{"embeddable":true,"href":"http:\/\/thomas-froeb.de\/index.php?rest_route=%2Fwp%2Fv2%2Fcomments&post=2"}],"version-history":[{"count":4,"href":"http:\/\/thomas-froeb.de\/index.php?rest_route=\/wp\/v2\/pages\/2\/revisions"}],"predecessor-version":[{"id":25,"href":"http:\/\/thomas-froeb.de\/index.php?rest_route=\/wp\/v2\/pages\/2\/revisions\/25"}],"wp:attachment":[{"href":"http:\/\/thomas-froeb.de\/index.php?rest_route=%2Fwp%2Fv2%2Fmedia&parent=2"}],"curies":[{"name":"wp","href":"https:\/\/api.w.org\/{rel}","templated":true}]}}